{"id":14,"date":"2023-06-07T11:04:03","date_gmt":"2023-06-07T14:04:03","guid":{"rendered":"https:\/\/redealis.com.br\/integralis\/?page_id=14"},"modified":"2024-07-31T13:18:08","modified_gmt":"2024-07-31T16:18:08","slug":"sobre","status":"publish","type":"page","link":"https:\/\/redealis.com.br\/integralis\/sobre\/","title":{"rendered":"Sobre"},"content":{"rendered":"<h3><strong>Miss\u00e3o<\/strong><\/h3>\n<p>1. Excel\u00eancia no Atendimento: Fornecer servi\u00e7os de sa\u00fade HUMANIZADOS excepcionais, garantindo a satisfa\u00e7\u00e3o do paciente e seus familiares por meio de protocolos eficazes, efici\u00eancia no atendimento, tecnologias de ponta e um ambiente acolhedor;<\/p>\n<p>2. Expans\u00e3o da Rede: Crescer de forma estrat\u00e9gica, identificando novas localiza\u00e7\u00f5es para unidades e ampliando os servi\u00e7os para atender \u00e0 crescente demanda, com alta qualidade;<\/p>\n<p>3. Gest\u00e3o Financeira: Conscientiza\u00e7\u00e3o do uso dos recursos, mantendo um rigoroso controle de custos, otimizando processos internos e assegurando um fluxo de caixa positivo para sustentar a expans\u00e3o e inova\u00e7\u00e3o;<\/p>\n<p>4. Ambiente Profissional Gratificante: Fomentar um ambiente HUMANIZADO de crescimento para m\u00e9dicos, terapeutas e colaboradores, incentivando o desenvolvimento profissional, investindo em treinamentos e reconhecendo o talento e a dedica\u00e7\u00e3o.<\/p>\n<h3><strong>Valores<\/strong><\/h3>\n<p>Foco nas Pessoas (Colaboradores, Pacientes e seus Familiares)<br \/>\nInova\u00e7\u00e3o<br \/>\nHumaniza\u00e7\u00e3o<br \/>\nCompet\u00eancia T\u00e9cnica<br \/>\nRespeito M\u00fatuo<br \/>\nMeritocracia\/Reconhecimento<br \/>\nDisciplina<\/p>\n","protected":false},"excerpt":{"rendered":"<p>Miss\u00e3o 1. Excel\u00eancia no Atendimento: Fornecer servi\u00e7os de sa\u00fade HUMANIZADOS excepcionais, garantindo a satisfa\u00e7\u00e3o do paciente e seus familiares por meio de protocolos eficazes, efici\u00eancia no atendimento, tecnologias de ponta e um ambiente acolhedor; 2. Expans\u00e3o da Rede: Crescer de forma estrat\u00e9gica, identificando novas localiza\u00e7\u00f5es para unidades e ampliando os servi\u00e7os para atender \u00e0 crescente [&hellip;]<\/p>\n","protected":false},"author":1,"featured_media":4,"parent":0,"menu_order":0,"comment_status":"closed","ping_status":"closed","template":"modelo-padrao.php","meta":{"_acf_changed":false,"footnotes":""},"class_list":["post-14","page","type-page","status-publish","has-post-thumbnail","hentry"],"acf":[],"yoast_head":"<!-- This site is optimized with the Yoast SEO plugin v27.3 - https:\/\/yoast.com\/product\/yoast-seo-wordpress\/ -->\n<title>Sobre | Integr\u00e1lis<\/title>\n<meta name=\"description\" content=\"Na INTEGR\u00c1LIS um espac\u0327o de acolhimento terape\u0302utico, com profissionais especializados no desenvolvimento emocional de crianc\u0327as e jovens.\" \/>\n<meta name=\"robots\" content=\"index, follow, max-snippet:-1, max-image-preview:large, max-video-preview:-1\" \/>\n<link rel=\"canonical\" href=\"https:\/\/redealis.com.br\/integralis\/sobre\/\" \/>\n<meta property=\"og:locale\" content=\"pt_BR\" \/>\n<meta property=\"og:type\" content=\"article\" \/>\n<meta property=\"og:title\" content=\"Sobre | Integr\u00e1lis\" \/>\n<meta property=\"og:description\" content=\"Na INTEGR\u00c1LIS um espac\u0327o de acolhimento terape\u0302utico, com profissionais especializados no desenvolvimento emocional de crianc\u0327as e jovens.\" \/>\n<meta property=\"og:url\" content=\"https:\/\/redealis.com.br\/integralis\/sobre\/\" \/>\n<meta property=\"og:site_name\" content=\"Integr\u00e1lis\" \/>\n<meta property=\"article:publisher\" content=\"https:\/\/www.facebook.com\/integralisbrasil\" \/>\n<meta property=\"article:modified_time\" content=\"2024-07-31T16:18:08+00:00\" \/>\n<meta property=\"og:image\" content=\"https:\/\/redealis.com.br\/integralis\/wp-content\/uploads\/sites\/3\/2023\/06\/banner-sobre.webp\" \/>\n\t<meta property=\"og:image:width\" content=\"1214\" \/>\n\t<meta property=\"og:image:height\" content=\"660\" \/>\n\t<meta property=\"og:image:type\" content=\"image\/webp\" \/>\n<meta name=\"twitter:card\" content=\"summary_large_image\" \/>\n<meta name=\"twitter:label1\" content=\"Est. tempo de leitura\" \/>\n\t<meta name=\"twitter:data1\" content=\"2 minutos\" \/>\n<script type=\"application\/ld+json\" class=\"yoast-schema-graph\">{\"@context\":\"https:\\\/\\\/schema.org\",\"@graph\":[{\"@type\":\"WebPage\",\"@id\":\"https:\\\/\\\/redealis.com.br\\\/integralis\\\/sobre\\\/\",\"url\":\"https:\\\/\\\/redealis.com.br\\\/integralis\\\/sobre\\\/\",\"name\":\"Sobre | Integr\u00e1lis\",\"isPartOf\":{\"@id\":\"https:\\\/\\\/redealis.com.br\\\/integralis\\\/#website\"},\"primaryImageOfPage\":{\"@id\":\"https:\\\/\\\/redealis.com.br\\\/integralis\\\/sobre\\\/#primaryimage\"},\"image\":{\"@id\":\"https:\\\/\\\/redealis.com.br\\\/integralis\\\/sobre\\\/#primaryimage\"},\"thumbnailUrl\":\"https:\\\/\\\/redealis.com.br\\\/integralis\\\/wp-content\\\/uploads\\\/sites\\\/3\\\/2023\\\/06\\\/banner-sobre.webp\",\"datePublished\":\"2023-06-07T14:04:03+00:00\",\"dateModified\":\"2024-07-31T16:18:08+00:00\",\"description\":\"Na INTEGR\u00c1LIS um espac\u0327o de acolhimento terape\u0302utico, com profissionais especializados no desenvolvimento emocional de crianc\u0327as e jovens.\",\"breadcrumb\":{\"@id\":\"https:\\\/\\\/redealis.com.br\\\/integralis\\\/sobre\\\/#breadcrumb\"},\"inLanguage\":\"pt-BR\",\"potentialAction\":[{\"@type\":\"ReadAction\",\"target\":[\"https:\\\/\\\/redealis.com.br\\\/integralis\\\/sobre\\\/\"]}]},{\"@type\":\"ImageObject\",\"inLanguage\":\"pt-BR\",\"@id\":\"https:\\\/\\\/redealis.com.br\\\/integralis\\\/sobre\\\/#primaryimage\",\"url\":\"https:\\\/\\\/redealis.com.br\\\/integralis\\\/wp-content\\\/uploads\\\/sites\\\/3\\\/2023\\\/06\\\/banner-sobre.webp\",\"contentUrl\":\"https:\\\/\\\/redealis.com.br\\\/integralis\\\/wp-content\\\/uploads\\\/sites\\\/3\\\/2023\\\/06\\\/banner-sobre.webp\",\"width\":1214,\"height\":660},{\"@type\":\"BreadcrumbList\",\"@id\":\"https:\\\/\\\/redealis.com.br\\\/integralis\\\/sobre\\\/#breadcrumb\",\"itemListElement\":[{\"@type\":\"ListItem\",\"position\":1,\"name\":\"home\",\"item\":\"https:\\\/\\\/redealis.com.br\\\/integralis\\\/\"},{\"@type\":\"ListItem\",\"position\":2,\"name\":\"Sobre\"}]},{\"@type\":\"WebSite\",\"@id\":\"https:\\\/\\\/redealis.com.br\\\/integralis\\\/#website\",\"url\":\"https:\\\/\\\/redealis.com.br\\\/integralis\\\/\",\"name\":\"Integr\u00e1lis\",\"description\":\"\",\"publisher\":{\"@id\":\"https:\\\/\\\/redealis.com.br\\\/integralis\\\/#organization\"},\"alternateName\":\"Integr\u00e1lis\",\"potentialAction\":[{\"@type\":\"SearchAction\",\"target\":{\"@type\":\"EntryPoint\",\"urlTemplate\":\"https:\\\/\\\/redealis.com.br\\\/integralis\\\/?s={search_term_string}\"},\"query-input\":{\"@type\":\"PropertyValueSpecification\",\"valueRequired\":true,\"valueName\":\"search_term_string\"}}],\"inLanguage\":\"pt-BR\"},{\"@type\":\"Organization\",\"@id\":\"https:\\\/\\\/redealis.com.br\\\/integralis\\\/#organization\",\"name\":\"Integr\u00e1lis - Rede \u00c1lis\",\"alternateName\":\"Integr\u00e1lis\",\"url\":\"https:\\\/\\\/redealis.com.br\\\/integralis\\\/\",\"logo\":{\"@type\":\"ImageObject\",\"inLanguage\":\"pt-BR\",\"@id\":\"https:\\\/\\\/redealis.com.br\\\/integralis\\\/#\\\/schema\\\/logo\\\/image\\\/\",\"url\":\"https:\\\/\\\/redealis.com.br\\\/integralis\\\/wp-content\\\/uploads\\\/sites\\\/3\\\/2023\\\/08\\\/layout-logo-alt-1-1.png\",\"contentUrl\":\"https:\\\/\\\/redealis.com.br\\\/integralis\\\/wp-content\\\/uploads\\\/sites\\\/3\\\/2023\\\/08\\\/layout-logo-alt-1-1.png\",\"width\":696,\"height\":696,\"caption\":\"Integr\u00e1lis - Rede \u00c1lis\"},\"image\":{\"@id\":\"https:\\\/\\\/redealis.com.br\\\/integralis\\\/#\\\/schema\\\/logo\\\/image\\\/\"},\"sameAs\":[\"https:\\\/\\\/www.facebook.com\\\/integralisbrasil\",\"https:\\\/\\\/www.instagram.com\\\/integralisbrasil\"]}]}<\/script>\n<!-- \/ Yoast SEO plugin. -->","yoast_head_json":{"title":"Sobre | Integr\u00e1lis","description":"Na INTEGR\u00c1LIS um espac\u0327o de acolhimento terape\u0302utico, com profissionais especializados no desenvolvimento emocional de crianc\u0327as e jovens.","robots":{"index":"index","follow":"follow","max-snippet":"max-snippet:-1","max-image-preview":"max-image-preview:large","max-video-preview":"max-video-preview:-1"},"canonical":"https:\/\/redealis.com.br\/integralis\/sobre\/","og_locale":"pt_BR","og_type":"article","og_title":"Sobre | Integr\u00e1lis","og_description":"Na INTEGR\u00c1LIS um espac\u0327o de acolhimento terape\u0302utico, com profissionais especializados no desenvolvimento emocional de crianc\u0327as e jovens.","og_url":"https:\/\/redealis.com.br\/integralis\/sobre\/","og_site_name":"Integr\u00e1lis","article_publisher":"https:\/\/www.facebook.com\/integralisbrasil","article_modified_time":"2024-07-31T16:18:08+00:00","og_image":[{"width":1214,"height":660,"url":"https:\/\/redealis.com.br\/integralis\/wp-content\/uploads\/sites\/3\/2023\/06\/banner-sobre.webp","type":"image\/webp"}],"twitter_card":"summary_large_image","twitter_misc":{"Est. tempo de leitura":"2 minutos"},"schema":{"@context":"https:\/\/schema.org","@graph":[{"@type":"WebPage","@id":"https:\/\/redealis.com.br\/integralis\/sobre\/","url":"https:\/\/redealis.com.br\/integralis\/sobre\/","name":"Sobre | Integr\u00e1lis","isPartOf":{"@id":"https:\/\/redealis.com.br\/integralis\/#website"},"primaryImageOfPage":{"@id":"https:\/\/redealis.com.br\/integralis\/sobre\/#primaryimage"},"image":{"@id":"https:\/\/redealis.com.br\/integralis\/sobre\/#primaryimage"},"thumbnailUrl":"https:\/\/redealis.com.br\/integralis\/wp-content\/uploads\/sites\/3\/2023\/06\/banner-sobre.webp","datePublished":"2023-06-07T14:04:03+00:00","dateModified":"2024-07-31T16:18:08+00:00","description":"Na INTEGR\u00c1LIS um espac\u0327o de acolhimento terape\u0302utico, com profissionais especializados no desenvolvimento emocional de crianc\u0327as e jovens.","breadcrumb":{"@id":"https:\/\/redealis.com.br\/integralis\/sobre\/#breadcrumb"},"inLanguage":"pt-BR","potentialAction":[{"@type":"ReadAction","target":["https:\/\/redealis.com.br\/integralis\/sobre\/"]}]},{"@type":"ImageObject","inLanguage":"pt-BR","@id":"https:\/\/redealis.com.br\/integralis\/sobre\/#primaryimage","url":"https:\/\/redealis.com.br\/integralis\/wp-content\/uploads\/sites\/3\/2023\/06\/banner-sobre.webp","contentUrl":"https:\/\/redealis.com.br\/integralis\/wp-content\/uploads\/sites\/3\/2023\/06\/banner-sobre.webp","width":1214,"height":660},{"@type":"BreadcrumbList","@id":"https:\/\/redealis.com.br\/integralis\/sobre\/#breadcrumb","itemListElement":[{"@type":"ListItem","position":1,"name":"home","item":"https:\/\/redealis.com.br\/integralis\/"},{"@type":"ListItem","position":2,"name":"Sobre"}]},{"@type":"WebSite","@id":"https:\/\/redealis.com.br\/integralis\/#website","url":"https:\/\/redealis.com.br\/integralis\/","name":"Integr\u00e1lis","description":"","publisher":{"@id":"https:\/\/redealis.com.br\/integralis\/#organization"},"alternateName":"Integr\u00e1lis","potentialAction":[{"@type":"SearchAction","target":{"@type":"EntryPoint","urlTemplate":"https:\/\/redealis.com.br\/integralis\/?s={search_term_string}"},"query-input":{"@type":"PropertyValueSpecification","valueRequired":true,"valueName":"search_term_string"}}],"inLanguage":"pt-BR"},{"@type":"Organization","@id":"https:\/\/redealis.com.br\/integralis\/#organization","name":"Integr\u00e1lis - Rede \u00c1lis","alternateName":"Integr\u00e1lis","url":"https:\/\/redealis.com.br\/integralis\/","logo":{"@type":"ImageObject","inLanguage":"pt-BR","@id":"https:\/\/redealis.com.br\/integralis\/#\/schema\/logo\/image\/","url":"https:\/\/redealis.com.br\/integralis\/wp-content\/uploads\/sites\/3\/2023\/08\/layout-logo-alt-1-1.png","contentUrl":"https:\/\/redealis.com.br\/integralis\/wp-content\/uploads\/sites\/3\/2023\/08\/layout-logo-alt-1-1.png","width":696,"height":696,"caption":"Integr\u00e1lis - Rede \u00c1lis"},"image":{"@id":"https:\/\/redealis.com.br\/integralis\/#\/schema\/logo\/image\/"},"sameAs":["https:\/\/www.facebook.com\/integralisbrasil","https:\/\/www.instagram.com\/integralisbrasil"]}]}},"_links":{"self":[{"href":"https:\/\/redealis.com.br\/integralis\/wp-json\/wp\/v2\/pages\/14","targetHints":{"allow":["GET"]}}],"collection":[{"href":"https:\/\/redealis.com.br\/integralis\/wp-json\/wp\/v2\/pages"}],"about":[{"href":"https:\/\/redealis.com.br\/integralis\/wp-json\/wp\/v2\/types\/page"}],"author":[{"embeddable":true,"href":"https:\/\/redealis.com.br\/integralis\/wp-json\/wp\/v2\/users\/1"}],"replies":[{"embeddable":true,"href":"https:\/\/redealis.com.br\/integralis\/wp-json\/wp\/v2\/comments?post=14"}],"version-history":[{"count":32,"href":"https:\/\/redealis.com.br\/integralis\/wp-json\/wp\/v2\/pages\/14\/revisions"}],"predecessor-version":[{"id":1186,"href":"https:\/\/redealis.com.br\/integralis\/wp-json\/wp\/v2\/pages\/14\/revisions\/1186"}],"wp:featuredmedia":[{"embeddable":true,"href":"https:\/\/redealis.com.br\/integralis\/wp-json\/wp\/v2\/media\/4"}],"wp:attachment":[{"href":"https:\/\/redealis.com.br\/integralis\/wp-json\/wp\/v2\/media?parent=14"}],"curies":[{"name":"wp","href":"https:\/\/api.w.org\/{rel}","templated":true}]}}