{"id":777,"date":"2023-10-03T11:27:55","date_gmt":"2023-10-03T14:27:55","guid":{"rendered":"https:\/\/redealis.com.br\/integralis\/?post_type=equipe-medica&#038;p=777"},"modified":"2024-05-10T09:58:00","modified_gmt":"2024-05-10T12:58:00","slug":"jessica-melo","status":"publish","type":"equipe-medica","link":"https:\/\/redealis.com.br\/integralis\/equipe-medica\/jessica-melo\/","title":{"rendered":"J\u00e9ssica Melo"},"content":{"rendered":"<div class=\"flex-1 overflow-hidden\">\n<div class=\"react-scroll-to-bottom--css-rmkpp-79elbk h-full\">\n<div class=\"react-scroll-to-bottom--css-rmkpp-1n7m0yu\">\n<div>\n<div class=\"flex flex-col text-sm pb-9\">\n<div class=\"w-full text-token-text-primary\" dir=\"auto\" data-testid=\"conversation-turn-33\" data-scroll-anchor=\"true\">\n<div class=\"py-2 px-3 text-base md:px-4 m-auto md:px-5 lg:px-1 xl:px-5\">\n<div class=\"mx-auto flex flex-1 gap-3 text-base juice:gap-4 juice:md:gap-6 md:max-w-3xl lg:max-w-[40rem] xl:max-w-[48rem]\">\n<div class=\"relative flex w-full min-w-0 flex-col agent-turn\">\n<div class=\"flex-col gap-1 md:gap-3\">\n<div class=\"flex flex-grow flex-col max-w-full\">\n<div class=\"min-h-[20px] text-message flex flex-col items-start whitespace-pre-wrap break-words [.text-message+&amp;]:mt-5 overflow-x-auto gap-3\" dir=\"auto\" data-message-author-role=\"assistant\" data-message-id=\"13d08e75-6be4-404d-aeed-607249eb961c\">\n<div class=\"markdown prose w-full break-words dark:prose-invert light\">\n<p>* J\u00e9ssica Alves Ferreira de Melo.<br \/>\n* Psic\u00f3loga (UNIFAFIRE).<br \/>\n* Analista do comportamento Aplicada &#8211; ABA (Grupo CEFFAP).<br \/>\n* Em especializa\u00e7\u00e3o na Terapia<br \/>\nCognitivo-Comportamental.<br \/>\n* Aperfei\u00e7oamento ABA (Grupo CEFFAP);<br \/>\n* Avalia\u00e7\u00e3o do desenvolvimento e habilidades: (VB-MAPP\/ ABLLS-R\/AFLS\/ Protocolo portage).<\/p>\n<p>\u201cOs resultados colhidos por trabalhar ajudando nossos pacientes e suas fam\u00edlias, est\u00e3o al\u00e9m da realiza\u00e7\u00e3o profissional; observar as mudan\u00e7as acontecerem, \u00e9 a parte mais gratificante do meu trabalho. A meta sempre \u00e9 buscar desenvolver nossas crian\u00e7as e alinhar as mudan\u00e7as de acordo com seu contexto biopsicossocial.\u201d<\/p>\n<\/div>\n<\/div>\n<\/div>\n<div class=\"mt-1 flex gap-3 empty:hidden\">\n<div class=\"-ml-1 mt-0 h-7 items-center justify-center gap-[2px] self-end text-gray-400 lg:justify-start lg:self-center visible flex\">\n<p>&nbsp;<\/p>\n<div class=\"flex\"><\/div>\n<\/div>\n<\/div>\n<div class=\"pr-2 lg:pr-0\"><\/div>\n<\/div>\n<div class=\"absolute\">\n<div class=\"flex w-full gap-2 items-center justify-center\"><\/div>\n<\/div>\n<\/div>\n<\/div>\n<\/div>\n<\/div>\n<\/div>\n<\/div>\n<\/div>\n<\/div>\n<\/div>\n<div class=\"w-full md:pt-0 dark:border-white\/20 md:border-transparent md:dark:border-transparent md:w-[calc(100%-.5rem)] juice:w-full\">\n<div class=\"px-3 text-base md:px-4 m-auto md:px-5 lg:px-1 xl:px-5\">\n<div class=\"mx-auto flex flex-1 gap-3 text-base juice:gap-4 juice:md:gap-6 md:max-w-3xl lg:max-w-[40rem] xl:max-w-[48rem]\">\n<div class=\"relative flex h-full max-w-full flex-1 flex-col\">\n<div class=\"absolute bottom-full left-0 right-0\"><\/div>\n<div class=\"flex w-full items-center\"><\/div>\n<\/div>\n<\/div>\n<\/div>\n<\/div>\n","protected":false},"excerpt":{"rendered":"<p>* J\u00e9ssica Alves Ferreira de Melo. * Psic\u00f3loga (UNIFAFIRE). * Analista do comportamento Aplicada &#8211; ABA (Grupo CEFFAP). * Em especializa\u00e7\u00e3o na Terapia Cognitivo-Comportamental. * Aperfei\u00e7oamento ABA (Grupo CEFFAP); * Avalia\u00e7\u00e3o do desenvolvimento e habilidades: (VB-MAPP\/ ABLLS-R\/AFLS\/ Protocolo portage). \u201cOs resultados colhidos por trabalhar ajudando nossos pacientes e suas fam\u00edlias, est\u00e3o al\u00e9m da realiza\u00e7\u00e3o profissional; [&hellip;]<\/p>\n","protected":false},"featured_media":1016,"template":"","categoria-medico":[13],"forma-de-tratamento":[],"class_list":["post-777","equipe-medica","type-equipe-medica","status-publish","has-post-thumbnail","hentry","categoria-medico-psicologa"],"acf":[],"yoast_head":"<!-- This site is optimized with the Yoast SEO plugin v27.3 - https:\/\/yoast.com\/product\/yoast-seo-wordpress\/ -->\n<title>J\u00e9ssica Melo | Integr\u00e1lis<\/title>\n<meta name=\"robots\" content=\"index, follow, max-snippet:-1, max-image-preview:large, max-video-preview:-1\" \/>\n<link rel=\"canonical\" href=\"https:\/\/redealis.com.br\/integralis\/equipe-medica\/jessica-melo\/\" \/>\n<meta property=\"og:locale\" content=\"pt_BR\" \/>\n<meta property=\"og:type\" content=\"article\" \/>\n<meta property=\"og:title\" content=\"J\u00e9ssica Melo | Integr\u00e1lis\" \/>\n<meta property=\"og:description\" content=\"* J\u00e9ssica Alves Ferreira de Melo. * Psic\u00f3loga (UNIFAFIRE). * Analista do comportamento Aplicada &#8211; ABA (Grupo CEFFAP). * Em especializa\u00e7\u00e3o na Terapia Cognitivo-Comportamental. * Aperfei\u00e7oamento ABA (Grupo CEFFAP); * Avalia\u00e7\u00e3o do desenvolvimento e habilidades: (VB-MAPP\/ ABLLS-R\/AFLS\/ Protocolo portage). \u201cOs resultados colhidos por trabalhar ajudando nossos pacientes e suas fam\u00edlias, est\u00e3o al\u00e9m da realiza\u00e7\u00e3o profissional; [&hellip;]\" \/>\n<meta property=\"og:url\" content=\"https:\/\/redealis.com.br\/integralis\/equipe-medica\/jessica-melo\/\" \/>\n<meta property=\"og:site_name\" content=\"Integr\u00e1lis\" \/>\n<meta property=\"article:publisher\" content=\"https:\/\/www.facebook.com\/integralisbrasil\" \/>\n<meta property=\"article:modified_time\" content=\"2024-05-10T12:58:00+00:00\" \/>\n<meta property=\"og:image\" content=\"https:\/\/redealis.com.br\/integralis\/wp-content\/uploads\/sites\/3\/2023\/10\/JESSICA-MELO-683x1024.jpg\" \/>\n\t<meta property=\"og:image:width\" content=\"683\" \/>\n\t<meta property=\"og:image:height\" content=\"1024\" \/>\n\t<meta property=\"og:image:type\" content=\"image\/jpeg\" \/>\n<meta name=\"twitter:card\" content=\"summary_large_image\" \/>\n<meta name=\"twitter:label1\" content=\"Est. tempo de leitura\" \/>\n\t<meta name=\"twitter:data1\" content=\"1 minuto\" \/>\n<script type=\"application\/ld+json\" class=\"yoast-schema-graph\">{\"@context\":\"https:\\\/\\\/schema.org\",\"@graph\":[{\"@type\":\"WebPage\",\"@id\":\"https:\\\/\\\/redealis.com.br\\\/integralis\\\/equipe-medica\\\/jessica-melo\\\/\",\"url\":\"https:\\\/\\\/redealis.com.br\\\/integralis\\\/equipe-medica\\\/jessica-melo\\\/\",\"name\":\"J\u00e9ssica Melo | Integr\u00e1lis\",\"isPartOf\":{\"@id\":\"https:\\\/\\\/redealis.com.br\\\/integralis\\\/#website\"},\"primaryImageOfPage\":{\"@id\":\"https:\\\/\\\/redealis.com.br\\\/integralis\\\/equipe-medica\\\/jessica-melo\\\/#primaryimage\"},\"image\":{\"@id\":\"https:\\\/\\\/redealis.com.br\\\/integralis\\\/equipe-medica\\\/jessica-melo\\\/#primaryimage\"},\"thumbnailUrl\":\"https:\\\/\\\/redealis.com.br\\\/integralis\\\/wp-content\\\/uploads\\\/sites\\\/3\\\/2023\\\/10\\\/JESSICA-MELO.jpg\",\"datePublished\":\"2023-10-03T14:27:55+00:00\",\"dateModified\":\"2024-05-10T12:58:00+00:00\",\"breadcrumb\":{\"@id\":\"https:\\\/\\\/redealis.com.br\\\/integralis\\\/equipe-medica\\\/jessica-melo\\\/#breadcrumb\"},\"inLanguage\":\"pt-BR\",\"potentialAction\":[{\"@type\":\"ReadAction\",\"target\":[\"https:\\\/\\\/redealis.com.br\\\/integralis\\\/equipe-medica\\\/jessica-melo\\\/\"]}]},{\"@type\":\"ImageObject\",\"inLanguage\":\"pt-BR\",\"@id\":\"https:\\\/\\\/redealis.com.br\\\/integralis\\\/equipe-medica\\\/jessica-melo\\\/#primaryimage\",\"url\":\"https:\\\/\\\/redealis.com.br\\\/integralis\\\/wp-content\\\/uploads\\\/sites\\\/3\\\/2023\\\/10\\\/JESSICA-MELO.jpg\",\"contentUrl\":\"https:\\\/\\\/redealis.com.br\\\/integralis\\\/wp-content\\\/uploads\\\/sites\\\/3\\\/2023\\\/10\\\/JESSICA-MELO.jpg\",\"width\":1667,\"height\":2500},{\"@type\":\"BreadcrumbList\",\"@id\":\"https:\\\/\\\/redealis.com.br\\\/integralis\\\/equipe-medica\\\/jessica-melo\\\/#breadcrumb\",\"itemListElement\":[{\"@type\":\"ListItem\",\"position\":1,\"name\":\"home\",\"item\":\"https:\\\/\\\/redealis.com.br\\\/integralis\\\/\"},{\"@type\":\"ListItem\",\"position\":2,\"name\":\"Equipe M\u00e9dica\",\"item\":\"https:\\\/\\\/redealis.com.br\\\/integralis\\\/equipe-medica\\\/\"},{\"@type\":\"ListItem\",\"position\":3,\"name\":\"J\u00e9ssica Melo\"}]},{\"@type\":\"WebSite\",\"@id\":\"https:\\\/\\\/redealis.com.br\\\/integralis\\\/#website\",\"url\":\"https:\\\/\\\/redealis.com.br\\\/integralis\\\/\",\"name\":\"Integr\u00e1lis\",\"description\":\"\",\"publisher\":{\"@id\":\"https:\\\/\\\/redealis.com.br\\\/integralis\\\/#organization\"},\"alternateName\":\"Integr\u00e1lis\",\"potentialAction\":[{\"@type\":\"SearchAction\",\"target\":{\"@type\":\"EntryPoint\",\"urlTemplate\":\"https:\\\/\\\/redealis.com.br\\\/integralis\\\/?s={search_term_string}\"},\"query-input\":{\"@type\":\"PropertyValueSpecification\",\"valueRequired\":true,\"valueName\":\"search_term_string\"}}],\"inLanguage\":\"pt-BR\"},{\"@type\":\"Organization\",\"@id\":\"https:\\\/\\\/redealis.com.br\\\/integralis\\\/#organization\",\"name\":\"Integr\u00e1lis - Rede \u00c1lis\",\"alternateName\":\"Integr\u00e1lis\",\"url\":\"https:\\\/\\\/redealis.com.br\\\/integralis\\\/\",\"logo\":{\"@type\":\"ImageObject\",\"inLanguage\":\"pt-BR\",\"@id\":\"https:\\\/\\\/redealis.com.br\\\/integralis\\\/#\\\/schema\\\/logo\\\/image\\\/\",\"url\":\"https:\\\/\\\/redealis.com.br\\\/integralis\\\/wp-content\\\/uploads\\\/sites\\\/3\\\/2023\\\/08\\\/layout-logo-alt-1-1.png\",\"contentUrl\":\"https:\\\/\\\/redealis.com.br\\\/integralis\\\/wp-content\\\/uploads\\\/sites\\\/3\\\/2023\\\/08\\\/layout-logo-alt-1-1.png\",\"width\":696,\"height\":696,\"caption\":\"Integr\u00e1lis - Rede \u00c1lis\"},\"image\":{\"@id\":\"https:\\\/\\\/redealis.com.br\\\/integralis\\\/#\\\/schema\\\/logo\\\/image\\\/\"},\"sameAs\":[\"https:\\\/\\\/www.facebook.com\\\/integralisbrasil\",\"https:\\\/\\\/www.instagram.com\\\/integralisbrasil\"]}]}<\/script>\n<!-- \/ Yoast SEO plugin. -->","yoast_head_json":{"title":"J\u00e9ssica Melo | Integr\u00e1lis","robots":{"index":"index","follow":"follow","max-snippet":"max-snippet:-1","max-image-preview":"max-image-preview:large","max-video-preview":"max-video-preview:-1"},"canonical":"https:\/\/redealis.com.br\/integralis\/equipe-medica\/jessica-melo\/","og_locale":"pt_BR","og_type":"article","og_title":"J\u00e9ssica Melo | Integr\u00e1lis","og_description":"* J\u00e9ssica Alves Ferreira de Melo. * Psic\u00f3loga (UNIFAFIRE). * Analista do comportamento Aplicada &#8211; ABA (Grupo CEFFAP). * Em especializa\u00e7\u00e3o na Terapia Cognitivo-Comportamental. * Aperfei\u00e7oamento ABA (Grupo CEFFAP); * Avalia\u00e7\u00e3o do desenvolvimento e habilidades: (VB-MAPP\/ ABLLS-R\/AFLS\/ Protocolo portage). \u201cOs resultados colhidos por trabalhar ajudando nossos pacientes e suas fam\u00edlias, est\u00e3o al\u00e9m da realiza\u00e7\u00e3o profissional; [&hellip;]","og_url":"https:\/\/redealis.com.br\/integralis\/equipe-medica\/jessica-melo\/","og_site_name":"Integr\u00e1lis","article_publisher":"https:\/\/www.facebook.com\/integralisbrasil","article_modified_time":"2024-05-10T12:58:00+00:00","og_image":[{"width":683,"height":1024,"url":"https:\/\/redealis.com.br\/integralis\/wp-content\/uploads\/sites\/3\/2023\/10\/JESSICA-MELO-683x1024.jpg","type":"image\/jpeg"}],"twitter_card":"summary_large_image","twitter_misc":{"Est. tempo de leitura":"1 minuto"},"schema":{"@context":"https:\/\/schema.org","@graph":[{"@type":"WebPage","@id":"https:\/\/redealis.com.br\/integralis\/equipe-medica\/jessica-melo\/","url":"https:\/\/redealis.com.br\/integralis\/equipe-medica\/jessica-melo\/","name":"J\u00e9ssica Melo | Integr\u00e1lis","isPartOf":{"@id":"https:\/\/redealis.com.br\/integralis\/#website"},"primaryImageOfPage":{"@id":"https:\/\/redealis.com.br\/integralis\/equipe-medica\/jessica-melo\/#primaryimage"},"image":{"@id":"https:\/\/redealis.com.br\/integralis\/equipe-medica\/jessica-melo\/#primaryimage"},"thumbnailUrl":"https:\/\/redealis.com.br\/integralis\/wp-content\/uploads\/sites\/3\/2023\/10\/JESSICA-MELO.jpg","datePublished":"2023-10-03T14:27:55+00:00","dateModified":"2024-05-10T12:58:00+00:00","breadcrumb":{"@id":"https:\/\/redealis.com.br\/integralis\/equipe-medica\/jessica-melo\/#breadcrumb"},"inLanguage":"pt-BR","potentialAction":[{"@type":"ReadAction","target":["https:\/\/redealis.com.br\/integralis\/equipe-medica\/jessica-melo\/"]}]},{"@type":"ImageObject","inLanguage":"pt-BR","@id":"https:\/\/redealis.com.br\/integralis\/equipe-medica\/jessica-melo\/#primaryimage","url":"https:\/\/redealis.com.br\/integralis\/wp-content\/uploads\/sites\/3\/2023\/10\/JESSICA-MELO.jpg","contentUrl":"https:\/\/redealis.com.br\/integralis\/wp-content\/uploads\/sites\/3\/2023\/10\/JESSICA-MELO.jpg","width":1667,"height":2500},{"@type":"BreadcrumbList","@id":"https:\/\/redealis.com.br\/integralis\/equipe-medica\/jessica-melo\/#breadcrumb","itemListElement":[{"@type":"ListItem","position":1,"name":"home","item":"https:\/\/redealis.com.br\/integralis\/"},{"@type":"ListItem","position":2,"name":"Equipe M\u00e9dica","item":"https:\/\/redealis.com.br\/integralis\/equipe-medica\/"},{"@type":"ListItem","position":3,"name":"J\u00e9ssica Melo"}]},{"@type":"WebSite","@id":"https:\/\/redealis.com.br\/integralis\/#website","url":"https:\/\/redealis.com.br\/integralis\/","name":"Integr\u00e1lis","description":"","publisher":{"@id":"https:\/\/redealis.com.br\/integralis\/#organization"},"alternateName":"Integr\u00e1lis","potentialAction":[{"@type":"SearchAction","target":{"@type":"EntryPoint","urlTemplate":"https:\/\/redealis.com.br\/integralis\/?s={search_term_string}"},"query-input":{"@type":"PropertyValueSpecification","valueRequired":true,"valueName":"search_term_string"}}],"inLanguage":"pt-BR"},{"@type":"Organization","@id":"https:\/\/redealis.com.br\/integralis\/#organization","name":"Integr\u00e1lis - Rede \u00c1lis","alternateName":"Integr\u00e1lis","url":"https:\/\/redealis.com.br\/integralis\/","logo":{"@type":"ImageObject","inLanguage":"pt-BR","@id":"https:\/\/redealis.com.br\/integralis\/#\/schema\/logo\/image\/","url":"https:\/\/redealis.com.br\/integralis\/wp-content\/uploads\/sites\/3\/2023\/08\/layout-logo-alt-1-1.png","contentUrl":"https:\/\/redealis.com.br\/integralis\/wp-content\/uploads\/sites\/3\/2023\/08\/layout-logo-alt-1-1.png","width":696,"height":696,"caption":"Integr\u00e1lis - Rede \u00c1lis"},"image":{"@id":"https:\/\/redealis.com.br\/integralis\/#\/schema\/logo\/image\/"},"sameAs":["https:\/\/www.facebook.com\/integralisbrasil","https:\/\/www.instagram.com\/integralisbrasil"]}]}},"_links":{"self":[{"href":"https:\/\/redealis.com.br\/integralis\/wp-json\/wp\/v2\/equipe-medica\/777","targetHints":{"allow":["GET"]}}],"collection":[{"href":"https:\/\/redealis.com.br\/integralis\/wp-json\/wp\/v2\/equipe-medica"}],"about":[{"href":"https:\/\/redealis.com.br\/integralis\/wp-json\/wp\/v2\/types\/equipe-medica"}],"wp:featuredmedia":[{"embeddable":true,"href":"https:\/\/redealis.com.br\/integralis\/wp-json\/wp\/v2\/media\/1016"}],"wp:attachment":[{"href":"https:\/\/redealis.com.br\/integralis\/wp-json\/wp\/v2\/media?parent=777"}],"wp:term":[{"taxonomy":"categoria-medico","embeddable":true,"href":"https:\/\/redealis.com.br\/integralis\/wp-json\/wp\/v2\/categoria-medico?post=777"},{"taxonomy":"forma-de-tratamento","embeddable":true,"href":"https:\/\/redealis.com.br\/integralis\/wp-json\/wp\/v2\/forma-de-tratamento?post=777"}],"curies":[{"name":"wp","href":"https:\/\/api.w.org\/{rel}","templated":true}]}}