{"id":763,"date":"2023-10-02T14:11:28","date_gmt":"2023-10-02T17:11:28","guid":{"rendered":"https:\/\/redealis.com.br\/integralis\/?post_type=equipe-medica&#038;p=763"},"modified":"2024-05-08T12:27:00","modified_gmt":"2024-05-08T15:27:00","slug":"fabiola-santos-souza-xavier","status":"publish","type":"equipe-medica","link":"https:\/\/redealis.com.br\/integralis\/equipe-medica\/fabiola-santos-souza-xavier\/","title":{"rendered":"Fabiola Xavier"},"content":{"rendered":"<p>Terapeuta Ocupacional, formada pela Universidade Federal de Pernambuco(UFPE), com as seguintes forma\u00e7\u00f5es e cursos:<\/p>\n<p>Rotina: organiza\u00e7\u00e3o, explora\u00e7\u00e3o e estimula\u00e7\u00e3o cognitiva. Inclus\u00e3o eficiente.Reabilita\u00e7\u00e3o Cognitiva e Terapia Ocupacional. Reabvita. Caminhos da T.O.Escala Modified Checklist for Autism in Toddlers (M-CHAT). N\u00facleo de Educa\u00e7\u00e3o em Sa\u00fade UFPE.Capacita\u00e7\u00e3o ABA em autismo para profissionais. Regina Bergamo.O papel da Terapia Ocupacional no atendimento de crian\u00e7as com TEA. IEPSIS.Integra\u00e7\u00e3o sensorial da teoria \u00e0 interven\u00e7\u00e3o. Sensory Educacional ltda.<\/p>\n","protected":false},"excerpt":{"rendered":"<p>Terapeuta Ocupacional, formada pela Universidade Federal de Pernambuco(UFPE), com as seguintes forma\u00e7\u00f5es e cursos: Rotina: organiza\u00e7\u00e3o, explora\u00e7\u00e3o e estimula\u00e7\u00e3o cognitiva. Inclus\u00e3o eficiente.Reabilita\u00e7\u00e3o Cognitiva e Terapia Ocupacional. Reabvita. Caminhos da T.O.Escala Modified Checklist for Autism in Toddlers (M-CHAT). N\u00facleo de Educa\u00e7\u00e3o em Sa\u00fade UFPE.Capacita\u00e7\u00e3o ABA em autismo para profissionais. Regina Bergamo.O papel da Terapia Ocupacional no [&hellip;]<\/p>\n","protected":false},"featured_media":1007,"template":"","categoria-medico":[14],"forma-de-tratamento":[],"class_list":["post-763","equipe-medica","type-equipe-medica","status-publish","has-post-thumbnail","hentry","categoria-medico-terapeuta-ocupacional"],"acf":[],"yoast_head":"<!-- This site is optimized with the Yoast SEO plugin v27.3 - https:\/\/yoast.com\/product\/yoast-seo-wordpress\/ -->\n<title>Fabiola Xavier | Integr\u00e1lis<\/title>\n<meta name=\"robots\" content=\"index, follow, max-snippet:-1, max-image-preview:large, max-video-preview:-1\" \/>\n<link rel=\"canonical\" href=\"https:\/\/redealis.com.br\/integralis\/equipe-medica\/fabiola-santos-souza-xavier\/\" \/>\n<meta property=\"og:locale\" content=\"pt_BR\" \/>\n<meta property=\"og:type\" content=\"article\" \/>\n<meta property=\"og:title\" content=\"Fabiola Xavier | Integr\u00e1lis\" \/>\n<meta property=\"og:description\" content=\"Terapeuta Ocupacional, formada pela Universidade Federal de Pernambuco(UFPE), com as seguintes forma\u00e7\u00f5es e cursos: Rotina: organiza\u00e7\u00e3o, explora\u00e7\u00e3o e estimula\u00e7\u00e3o cognitiva. Inclus\u00e3o eficiente.Reabilita\u00e7\u00e3o Cognitiva e Terapia Ocupacional. Reabvita. Caminhos da T.O.Escala Modified Checklist for Autism in Toddlers (M-CHAT). N\u00facleo de Educa\u00e7\u00e3o em Sa\u00fade UFPE.Capacita\u00e7\u00e3o ABA em autismo para profissionais. Regina Bergamo.O papel da Terapia Ocupacional no [&hellip;]\" \/>\n<meta property=\"og:url\" content=\"https:\/\/redealis.com.br\/integralis\/equipe-medica\/fabiola-santos-souza-xavier\/\" \/>\n<meta property=\"og:site_name\" content=\"Integr\u00e1lis\" \/>\n<meta property=\"article:publisher\" content=\"https:\/\/www.facebook.com\/integralisbrasil\" \/>\n<meta property=\"article:modified_time\" content=\"2024-05-08T15:27:00+00:00\" \/>\n<meta property=\"og:image\" content=\"https:\/\/redealis.com.br\/integralis\/wp-content\/uploads\/sites\/3\/2023\/10\/FABIOLA-XAVIER-683x1024.jpg\" \/>\n\t<meta property=\"og:image:width\" content=\"683\" \/>\n\t<meta property=\"og:image:height\" content=\"1024\" \/>\n\t<meta property=\"og:image:type\" content=\"image\/jpeg\" \/>\n<meta name=\"twitter:card\" content=\"summary_large_image\" \/>\n<meta name=\"twitter:label1\" content=\"Est. tempo de leitura\" \/>\n\t<meta name=\"twitter:data1\" content=\"1 minuto\" \/>\n<script type=\"application\/ld+json\" class=\"yoast-schema-graph\">{\"@context\":\"https:\\\/\\\/schema.org\",\"@graph\":[{\"@type\":\"WebPage\",\"@id\":\"https:\\\/\\\/redealis.com.br\\\/integralis\\\/equipe-medica\\\/fabiola-santos-souza-xavier\\\/\",\"url\":\"https:\\\/\\\/redealis.com.br\\\/integralis\\\/equipe-medica\\\/fabiola-santos-souza-xavier\\\/\",\"name\":\"Fabiola Xavier | Integr\u00e1lis\",\"isPartOf\":{\"@id\":\"https:\\\/\\\/redealis.com.br\\\/integralis\\\/#website\"},\"primaryImageOfPage\":{\"@id\":\"https:\\\/\\\/redealis.com.br\\\/integralis\\\/equipe-medica\\\/fabiola-santos-souza-xavier\\\/#primaryimage\"},\"image\":{\"@id\":\"https:\\\/\\\/redealis.com.br\\\/integralis\\\/equipe-medica\\\/fabiola-santos-souza-xavier\\\/#primaryimage\"},\"thumbnailUrl\":\"https:\\\/\\\/redealis.com.br\\\/integralis\\\/wp-content\\\/uploads\\\/sites\\\/3\\\/2023\\\/10\\\/FABIOLA-XAVIER.jpg\",\"datePublished\":\"2023-10-02T17:11:28+00:00\",\"dateModified\":\"2024-05-08T15:27:00+00:00\",\"breadcrumb\":{\"@id\":\"https:\\\/\\\/redealis.com.br\\\/integralis\\\/equipe-medica\\\/fabiola-santos-souza-xavier\\\/#breadcrumb\"},\"inLanguage\":\"pt-BR\",\"potentialAction\":[{\"@type\":\"ReadAction\",\"target\":[\"https:\\\/\\\/redealis.com.br\\\/integralis\\\/equipe-medica\\\/fabiola-santos-souza-xavier\\\/\"]}]},{\"@type\":\"ImageObject\",\"inLanguage\":\"pt-BR\",\"@id\":\"https:\\\/\\\/redealis.com.br\\\/integralis\\\/equipe-medica\\\/fabiola-santos-souza-xavier\\\/#primaryimage\",\"url\":\"https:\\\/\\\/redealis.com.br\\\/integralis\\\/wp-content\\\/uploads\\\/sites\\\/3\\\/2023\\\/10\\\/FABIOLA-XAVIER.jpg\",\"contentUrl\":\"https:\\\/\\\/redealis.com.br\\\/integralis\\\/wp-content\\\/uploads\\\/sites\\\/3\\\/2023\\\/10\\\/FABIOLA-XAVIER.jpg\",\"width\":1667,\"height\":2500},{\"@type\":\"BreadcrumbList\",\"@id\":\"https:\\\/\\\/redealis.com.br\\\/integralis\\\/equipe-medica\\\/fabiola-santos-souza-xavier\\\/#breadcrumb\",\"itemListElement\":[{\"@type\":\"ListItem\",\"position\":1,\"name\":\"home\",\"item\":\"https:\\\/\\\/redealis.com.br\\\/integralis\\\/\"},{\"@type\":\"ListItem\",\"position\":2,\"name\":\"Equipe M\u00e9dica\",\"item\":\"https:\\\/\\\/redealis.com.br\\\/integralis\\\/equipe-medica\\\/\"},{\"@type\":\"ListItem\",\"position\":3,\"name\":\"Fabiola Xavier\"}]},{\"@type\":\"WebSite\",\"@id\":\"https:\\\/\\\/redealis.com.br\\\/integralis\\\/#website\",\"url\":\"https:\\\/\\\/redealis.com.br\\\/integralis\\\/\",\"name\":\"Integr\u00e1lis\",\"description\":\"\",\"publisher\":{\"@id\":\"https:\\\/\\\/redealis.com.br\\\/integralis\\\/#organization\"},\"alternateName\":\"Integr\u00e1lis\",\"potentialAction\":[{\"@type\":\"SearchAction\",\"target\":{\"@type\":\"EntryPoint\",\"urlTemplate\":\"https:\\\/\\\/redealis.com.br\\\/integralis\\\/?s={search_term_string}\"},\"query-input\":{\"@type\":\"PropertyValueSpecification\",\"valueRequired\":true,\"valueName\":\"search_term_string\"}}],\"inLanguage\":\"pt-BR\"},{\"@type\":\"Organization\",\"@id\":\"https:\\\/\\\/redealis.com.br\\\/integralis\\\/#organization\",\"name\":\"Integr\u00e1lis - Rede \u00c1lis\",\"alternateName\":\"Integr\u00e1lis\",\"url\":\"https:\\\/\\\/redealis.com.br\\\/integralis\\\/\",\"logo\":{\"@type\":\"ImageObject\",\"inLanguage\":\"pt-BR\",\"@id\":\"https:\\\/\\\/redealis.com.br\\\/integralis\\\/#\\\/schema\\\/logo\\\/image\\\/\",\"url\":\"https:\\\/\\\/redealis.com.br\\\/integralis\\\/wp-content\\\/uploads\\\/sites\\\/3\\\/2023\\\/08\\\/layout-logo-alt-1-1.png\",\"contentUrl\":\"https:\\\/\\\/redealis.com.br\\\/integralis\\\/wp-content\\\/uploads\\\/sites\\\/3\\\/2023\\\/08\\\/layout-logo-alt-1-1.png\",\"width\":696,\"height\":696,\"caption\":\"Integr\u00e1lis - Rede \u00c1lis\"},\"image\":{\"@id\":\"https:\\\/\\\/redealis.com.br\\\/integralis\\\/#\\\/schema\\\/logo\\\/image\\\/\"},\"sameAs\":[\"https:\\\/\\\/www.facebook.com\\\/integralisbrasil\",\"https:\\\/\\\/www.instagram.com\\\/integralisbrasil\"]}]}<\/script>\n<!-- \/ Yoast SEO plugin. -->","yoast_head_json":{"title":"Fabiola Xavier | Integr\u00e1lis","robots":{"index":"index","follow":"follow","max-snippet":"max-snippet:-1","max-image-preview":"max-image-preview:large","max-video-preview":"max-video-preview:-1"},"canonical":"https:\/\/redealis.com.br\/integralis\/equipe-medica\/fabiola-santos-souza-xavier\/","og_locale":"pt_BR","og_type":"article","og_title":"Fabiola Xavier | Integr\u00e1lis","og_description":"Terapeuta Ocupacional, formada pela Universidade Federal de Pernambuco(UFPE), com as seguintes forma\u00e7\u00f5es e cursos: Rotina: organiza\u00e7\u00e3o, explora\u00e7\u00e3o e estimula\u00e7\u00e3o cognitiva. Inclus\u00e3o eficiente.Reabilita\u00e7\u00e3o Cognitiva e Terapia Ocupacional. Reabvita. Caminhos da T.O.Escala Modified Checklist for Autism in Toddlers (M-CHAT). N\u00facleo de Educa\u00e7\u00e3o em Sa\u00fade UFPE.Capacita\u00e7\u00e3o ABA em autismo para profissionais. Regina Bergamo.O papel da Terapia Ocupacional no [&hellip;]","og_url":"https:\/\/redealis.com.br\/integralis\/equipe-medica\/fabiola-santos-souza-xavier\/","og_site_name":"Integr\u00e1lis","article_publisher":"https:\/\/www.facebook.com\/integralisbrasil","article_modified_time":"2024-05-08T15:27:00+00:00","og_image":[{"width":683,"height":1024,"url":"https:\/\/redealis.com.br\/integralis\/wp-content\/uploads\/sites\/3\/2023\/10\/FABIOLA-XAVIER-683x1024.jpg","type":"image\/jpeg"}],"twitter_card":"summary_large_image","twitter_misc":{"Est. tempo de leitura":"1 minuto"},"schema":{"@context":"https:\/\/schema.org","@graph":[{"@type":"WebPage","@id":"https:\/\/redealis.com.br\/integralis\/equipe-medica\/fabiola-santos-souza-xavier\/","url":"https:\/\/redealis.com.br\/integralis\/equipe-medica\/fabiola-santos-souza-xavier\/","name":"Fabiola Xavier | Integr\u00e1lis","isPartOf":{"@id":"https:\/\/redealis.com.br\/integralis\/#website"},"primaryImageOfPage":{"@id":"https:\/\/redealis.com.br\/integralis\/equipe-medica\/fabiola-santos-souza-xavier\/#primaryimage"},"image":{"@id":"https:\/\/redealis.com.br\/integralis\/equipe-medica\/fabiola-santos-souza-xavier\/#primaryimage"},"thumbnailUrl":"https:\/\/redealis.com.br\/integralis\/wp-content\/uploads\/sites\/3\/2023\/10\/FABIOLA-XAVIER.jpg","datePublished":"2023-10-02T17:11:28+00:00","dateModified":"2024-05-08T15:27:00+00:00","breadcrumb":{"@id":"https:\/\/redealis.com.br\/integralis\/equipe-medica\/fabiola-santos-souza-xavier\/#breadcrumb"},"inLanguage":"pt-BR","potentialAction":[{"@type":"ReadAction","target":["https:\/\/redealis.com.br\/integralis\/equipe-medica\/fabiola-santos-souza-xavier\/"]}]},{"@type":"ImageObject","inLanguage":"pt-BR","@id":"https:\/\/redealis.com.br\/integralis\/equipe-medica\/fabiola-santos-souza-xavier\/#primaryimage","url":"https:\/\/redealis.com.br\/integralis\/wp-content\/uploads\/sites\/3\/2023\/10\/FABIOLA-XAVIER.jpg","contentUrl":"https:\/\/redealis.com.br\/integralis\/wp-content\/uploads\/sites\/3\/2023\/10\/FABIOLA-XAVIER.jpg","width":1667,"height":2500},{"@type":"BreadcrumbList","@id":"https:\/\/redealis.com.br\/integralis\/equipe-medica\/fabiola-santos-souza-xavier\/#breadcrumb","itemListElement":[{"@type":"ListItem","position":1,"name":"home","item":"https:\/\/redealis.com.br\/integralis\/"},{"@type":"ListItem","position":2,"name":"Equipe M\u00e9dica","item":"https:\/\/redealis.com.br\/integralis\/equipe-medica\/"},{"@type":"ListItem","position":3,"name":"Fabiola Xavier"}]},{"@type":"WebSite","@id":"https:\/\/redealis.com.br\/integralis\/#website","url":"https:\/\/redealis.com.br\/integralis\/","name":"Integr\u00e1lis","description":"","publisher":{"@id":"https:\/\/redealis.com.br\/integralis\/#organization"},"alternateName":"Integr\u00e1lis","potentialAction":[{"@type":"SearchAction","target":{"@type":"EntryPoint","urlTemplate":"https:\/\/redealis.com.br\/integralis\/?s={search_term_string}"},"query-input":{"@type":"PropertyValueSpecification","valueRequired":true,"valueName":"search_term_string"}}],"inLanguage":"pt-BR"},{"@type":"Organization","@id":"https:\/\/redealis.com.br\/integralis\/#organization","name":"Integr\u00e1lis - Rede \u00c1lis","alternateName":"Integr\u00e1lis","url":"https:\/\/redealis.com.br\/integralis\/","logo":{"@type":"ImageObject","inLanguage":"pt-BR","@id":"https:\/\/redealis.com.br\/integralis\/#\/schema\/logo\/image\/","url":"https:\/\/redealis.com.br\/integralis\/wp-content\/uploads\/sites\/3\/2023\/08\/layout-logo-alt-1-1.png","contentUrl":"https:\/\/redealis.com.br\/integralis\/wp-content\/uploads\/sites\/3\/2023\/08\/layout-logo-alt-1-1.png","width":696,"height":696,"caption":"Integr\u00e1lis - Rede \u00c1lis"},"image":{"@id":"https:\/\/redealis.com.br\/integralis\/#\/schema\/logo\/image\/"},"sameAs":["https:\/\/www.facebook.com\/integralisbrasil","https:\/\/www.instagram.com\/integralisbrasil"]}]}},"_links":{"self":[{"href":"https:\/\/redealis.com.br\/integralis\/wp-json\/wp\/v2\/equipe-medica\/763","targetHints":{"allow":["GET"]}}],"collection":[{"href":"https:\/\/redealis.com.br\/integralis\/wp-json\/wp\/v2\/equipe-medica"}],"about":[{"href":"https:\/\/redealis.com.br\/integralis\/wp-json\/wp\/v2\/types\/equipe-medica"}],"wp:featuredmedia":[{"embeddable":true,"href":"https:\/\/redealis.com.br\/integralis\/wp-json\/wp\/v2\/media\/1007"}],"wp:attachment":[{"href":"https:\/\/redealis.com.br\/integralis\/wp-json\/wp\/v2\/media?parent=763"}],"wp:term":[{"taxonomy":"categoria-medico","embeddable":true,"href":"https:\/\/redealis.com.br\/integralis\/wp-json\/wp\/v2\/categoria-medico?post=763"},{"taxonomy":"forma-de-tratamento","embeddable":true,"href":"https:\/\/redealis.com.br\/integralis\/wp-json\/wp\/v2\/forma-de-tratamento?post=763"}],"curies":[{"name":"wp","href":"https:\/\/api.w.org\/{rel}","templated":true}]}}