{"id":549,"date":"2023-06-19T16:29:44","date_gmt":"2023-06-19T19:29:44","guid":{"rendered":"https:\/\/redealis.com.br\/integralis\/?post_type=equipe-medica&#038;p=549"},"modified":"2024-05-08T17:59:11","modified_gmt":"2024-05-08T20:59:11","slug":"june-de-oliveira","status":"publish","type":"equipe-medica","link":"https:\/\/redealis.com.br\/integralis\/equipe-medica\/june-de-oliveira\/","title":{"rendered":"June de Oliveira"},"content":{"rendered":"<div class=\"w-full text-token-text-primary\" dir=\"auto\" data-testid=\"conversation-turn-5\" data-scroll-anchor=\"false\">\n<div class=\"py-2 px-3 text-base md:px-4 m-auto md:px-5 lg:px-1 xl:px-5\">\n<div class=\"mx-auto flex flex-1 gap-3 text-base juice:gap-4 juice:md:gap-6 md:max-w-3xl lg:max-w-[40rem] xl:max-w-[48rem]\">\n<div class=\"relative flex w-full min-w-0 flex-col agent-turn\">\n<div class=\"flex-col gap-1 md:gap-3\">\n<div class=\"flex flex-grow flex-col max-w-full\">\n<div class=\"min-h-[20px] text-message flex flex-col items-start whitespace-pre-wrap break-words [.text-message+&amp;]:mt-5 overflow-x-auto gap-3\" dir=\"auto\" data-message-author-role=\"assistant\" data-message-id=\"fd9eaae8-b407-4cdc-97de-59bad2797268\">\n<div class=\"markdown prose w-full break-words dark:prose-invert light\">\n<p>June Oliveira Carvalho Chagas \u00e9 uma profissional altamente qualificada e dedicada, com uma s\u00f3lida forma\u00e7\u00e3o acad\u00eamica e vasta experi\u00eancia na \u00e1rea da educa\u00e7\u00e3o e psicopedagogia. Graduada em Comunica\u00e7\u00e3o Social pela ESURP e em Pedagogia pela Universidade Norte do Paran\u00e1, June tamb\u00e9m \u00e9 p\u00f3s-graduada em Psicopedagogia Cl\u00ednica e Institucional pela Faculdade Metropolitana do Grande Recife e especialista em An\u00e1lise do Comportamento Aplicada pela Faculdade CEAM.<\/p>\n<p>Ao longo de sua carreira, June teve a oportunidade de lecionar como professora convidada nos cursos de P\u00f3s-gradua\u00e7\u00e3o em Psicopedagogia Cl\u00ednica e Institucional nas faculdades ESUDA e FAFIRE, contribuindo para a forma\u00e7\u00e3o de futuros profissionais da \u00e1rea. Suas qualifica\u00e7\u00f5es tamb\u00e9m incluem diversos cursos e certifica\u00e7\u00f5es, como aplicadora ABA, Extens\u00e3o em Autismo, Avalia\u00e7\u00e3o de Fun\u00e7\u00f5es Executivas, Interpreta\u00e7\u00e3o do Desenho Infantil e certifica\u00e7\u00f5es nos protocolos VB-MAPP, ABLLS-r, Portage, AFLS, al\u00e9m de certifica\u00e7\u00e3o em M\u00e9todo F\u00f4nico de Alfabetiza\u00e7\u00e3o e TEACCH.<\/p>\n<p>Sua paix\u00e3o pelo atendimento e acompanhamento de pacientes, assim como sua habilidade em observar e promover a evolu\u00e7\u00e3o de cada indiv\u00edduo, foram determinantes para sua escolha profissional. Atualmente, June desempenha o papel de coordenadora t\u00e9cnica, oferecendo assist\u00eancia a crian\u00e7as e jovens na unidade da Zona Sul. Sua proatividade e vasta experi\u00eancia s\u00e3o inestim\u00e1veis para a equipe, contribuindo significativamente para o compromisso de oferecer sa\u00fade integral e humanizada a todos os pacientes.<\/p>\n<\/div>\n<\/div>\n<\/div>\n<div class=\"mt-1 flex gap-3 empty:hidden juice:-ml-3\">\n<div class=\"-ml-1 mt-0 h-7 items-center justify-center gap-[2px] self-end text-gray-400 lg:justify-start lg:self-center visible flex\">\n<p>&nbsp;<\/p>\n<div class=\"flex\"><\/div>\n<\/div>\n<\/div>\n<div class=\"pr-2 lg:pr-0\"><\/div>\n<\/div>\n<div class=\"absolute\">\n<div class=\"flex w-full gap-2 items-center justify-center\"><\/div>\n<\/div>\n<\/div>\n<\/div>\n<\/div>\n<\/div>\n<div class=\"w-full text-token-text-primary\" dir=\"auto\" data-testid=\"conversation-turn-6\" data-scroll-anchor=\"false\">\n<div class=\"py-2 px-3 text-base md:px-4 m-auto md:px-5 lg:px-1 xl:px-5\">\n<div class=\"mx-auto flex flex-1 gap-3 text-base juice:gap-4 juice:md:gap-6 md:max-w-3xl lg:max-w-[40rem] xl:max-w-[48rem]\">\n<div class=\"flex-shrink-0 flex flex-col relative items-end\">\n<div>\n<div class=\"pt-0.5\">\n<div class=\"gizmo-shadow-stroke flex h-6 w-6 items-center justify-center overflow-hidden rounded-full\"><\/div>\n<\/div>\n<\/div>\n<\/div>\n<\/div>\n<\/div>\n<\/div>\n","protected":false},"excerpt":{"rendered":"<p>June Oliveira Carvalho Chagas \u00e9 uma profissional altamente qualificada e dedicada, com uma s\u00f3lida forma\u00e7\u00e3o acad\u00eamica e vasta experi\u00eancia na \u00e1rea da educa\u00e7\u00e3o e psicopedagogia. Graduada em Comunica\u00e7\u00e3o Social pela ESURP e em Pedagogia pela Universidade Norte do Paran\u00e1, June tamb\u00e9m \u00e9 p\u00f3s-graduada em Psicopedagogia Cl\u00ednica e Institucional pela Faculdade Metropolitana do Grande Recife e [&hellip;]<\/p>\n","protected":false},"featured_media":994,"template":"","categoria-medico":[19],"forma-de-tratamento":[],"class_list":["post-549","equipe-medica","type-equipe-medica","status-publish","has-post-thumbnail","hentry","categoria-medico-coordenadora-tecnica"],"acf":[],"yoast_head":"<!-- This site is optimized with the Yoast SEO plugin v27.3 - https:\/\/yoast.com\/product\/yoast-seo-wordpress\/ -->\n<title>June de Oliveira | Integr\u00e1lis<\/title>\n<meta name=\"robots\" content=\"index, follow, max-snippet:-1, max-image-preview:large, max-video-preview:-1\" \/>\n<link rel=\"canonical\" href=\"https:\/\/redealis.com.br\/integralis\/equipe-medica\/june-de-oliveira\/\" \/>\n<meta property=\"og:locale\" content=\"pt_BR\" \/>\n<meta property=\"og:type\" content=\"article\" \/>\n<meta property=\"og:title\" content=\"June de Oliveira | Integr\u00e1lis\" \/>\n<meta property=\"og:description\" content=\"June Oliveira Carvalho Chagas \u00e9 uma profissional altamente qualificada e dedicada, com uma s\u00f3lida forma\u00e7\u00e3o acad\u00eamica e vasta experi\u00eancia na \u00e1rea da educa\u00e7\u00e3o e psicopedagogia. Graduada em Comunica\u00e7\u00e3o Social pela ESURP e em Pedagogia pela Universidade Norte do Paran\u00e1, June tamb\u00e9m \u00e9 p\u00f3s-graduada em Psicopedagogia Cl\u00ednica e Institucional pela Faculdade Metropolitana do Grande Recife e [&hellip;]\" \/>\n<meta property=\"og:url\" content=\"https:\/\/redealis.com.br\/integralis\/equipe-medica\/june-de-oliveira\/\" \/>\n<meta property=\"og:site_name\" content=\"Integr\u00e1lis\" \/>\n<meta property=\"article:publisher\" content=\"https:\/\/www.facebook.com\/integralisbrasil\" \/>\n<meta property=\"article:modified_time\" content=\"2024-05-08T20:59:11+00:00\" \/>\n<meta property=\"og:image\" content=\"https:\/\/redealis.com.br\/integralis\/wp-content\/uploads\/sites\/3\/2023\/07\/JUNE-CHAGAS-683x1024.jpg\" \/>\n\t<meta property=\"og:image:width\" content=\"683\" \/>\n\t<meta property=\"og:image:height\" content=\"1024\" \/>\n\t<meta property=\"og:image:type\" content=\"image\/jpeg\" \/>\n<meta name=\"twitter:card\" content=\"summary_large_image\" \/>\n<meta name=\"twitter:label1\" content=\"Est. tempo de leitura\" \/>\n\t<meta name=\"twitter:data1\" content=\"2 minutos\" \/>\n<script type=\"application\/ld+json\" class=\"yoast-schema-graph\">{\"@context\":\"https:\\\/\\\/schema.org\",\"@graph\":[{\"@type\":\"WebPage\",\"@id\":\"https:\\\/\\\/redealis.com.br\\\/integralis\\\/equipe-medica\\\/june-de-oliveira\\\/\",\"url\":\"https:\\\/\\\/redealis.com.br\\\/integralis\\\/equipe-medica\\\/june-de-oliveira\\\/\",\"name\":\"June de Oliveira | Integr\u00e1lis\",\"isPartOf\":{\"@id\":\"https:\\\/\\\/redealis.com.br\\\/integralis\\\/#website\"},\"primaryImageOfPage\":{\"@id\":\"https:\\\/\\\/redealis.com.br\\\/integralis\\\/equipe-medica\\\/june-de-oliveira\\\/#primaryimage\"},\"image\":{\"@id\":\"https:\\\/\\\/redealis.com.br\\\/integralis\\\/equipe-medica\\\/june-de-oliveira\\\/#primaryimage\"},\"thumbnailUrl\":\"https:\\\/\\\/redealis.com.br\\\/integralis\\\/wp-content\\\/uploads\\\/sites\\\/3\\\/2023\\\/07\\\/JUNE-CHAGAS.jpg\",\"datePublished\":\"2023-06-19T19:29:44+00:00\",\"dateModified\":\"2024-05-08T20:59:11+00:00\",\"breadcrumb\":{\"@id\":\"https:\\\/\\\/redealis.com.br\\\/integralis\\\/equipe-medica\\\/june-de-oliveira\\\/#breadcrumb\"},\"inLanguage\":\"pt-BR\",\"potentialAction\":[{\"@type\":\"ReadAction\",\"target\":[\"https:\\\/\\\/redealis.com.br\\\/integralis\\\/equipe-medica\\\/june-de-oliveira\\\/\"]}]},{\"@type\":\"ImageObject\",\"inLanguage\":\"pt-BR\",\"@id\":\"https:\\\/\\\/redealis.com.br\\\/integralis\\\/equipe-medica\\\/june-de-oliveira\\\/#primaryimage\",\"url\":\"https:\\\/\\\/redealis.com.br\\\/integralis\\\/wp-content\\\/uploads\\\/sites\\\/3\\\/2023\\\/07\\\/JUNE-CHAGAS.jpg\",\"contentUrl\":\"https:\\\/\\\/redealis.com.br\\\/integralis\\\/wp-content\\\/uploads\\\/sites\\\/3\\\/2023\\\/07\\\/JUNE-CHAGAS.jpg\",\"width\":1667,\"height\":2500},{\"@type\":\"BreadcrumbList\",\"@id\":\"https:\\\/\\\/redealis.com.br\\\/integralis\\\/equipe-medica\\\/june-de-oliveira\\\/#breadcrumb\",\"itemListElement\":[{\"@type\":\"ListItem\",\"position\":1,\"name\":\"home\",\"item\":\"https:\\\/\\\/redealis.com.br\\\/integralis\\\/\"},{\"@type\":\"ListItem\",\"position\":2,\"name\":\"Equipe M\u00e9dica\",\"item\":\"https:\\\/\\\/redealis.com.br\\\/integralis\\\/equipe-medica\\\/\"},{\"@type\":\"ListItem\",\"position\":3,\"name\":\"June de Oliveira\"}]},{\"@type\":\"WebSite\",\"@id\":\"https:\\\/\\\/redealis.com.br\\\/integralis\\\/#website\",\"url\":\"https:\\\/\\\/redealis.com.br\\\/integralis\\\/\",\"name\":\"Integr\u00e1lis\",\"description\":\"\",\"publisher\":{\"@id\":\"https:\\\/\\\/redealis.com.br\\\/integralis\\\/#organization\"},\"alternateName\":\"Integr\u00e1lis\",\"potentialAction\":[{\"@type\":\"SearchAction\",\"target\":{\"@type\":\"EntryPoint\",\"urlTemplate\":\"https:\\\/\\\/redealis.com.br\\\/integralis\\\/?s={search_term_string}\"},\"query-input\":{\"@type\":\"PropertyValueSpecification\",\"valueRequired\":true,\"valueName\":\"search_term_string\"}}],\"inLanguage\":\"pt-BR\"},{\"@type\":\"Organization\",\"@id\":\"https:\\\/\\\/redealis.com.br\\\/integralis\\\/#organization\",\"name\":\"Integr\u00e1lis - Rede \u00c1lis\",\"alternateName\":\"Integr\u00e1lis\",\"url\":\"https:\\\/\\\/redealis.com.br\\\/integralis\\\/\",\"logo\":{\"@type\":\"ImageObject\",\"inLanguage\":\"pt-BR\",\"@id\":\"https:\\\/\\\/redealis.com.br\\\/integralis\\\/#\\\/schema\\\/logo\\\/image\\\/\",\"url\":\"https:\\\/\\\/redealis.com.br\\\/integralis\\\/wp-content\\\/uploads\\\/sites\\\/3\\\/2023\\\/08\\\/layout-logo-alt-1-1.png\",\"contentUrl\":\"https:\\\/\\\/redealis.com.br\\\/integralis\\\/wp-content\\\/uploads\\\/sites\\\/3\\\/2023\\\/08\\\/layout-logo-alt-1-1.png\",\"width\":696,\"height\":696,\"caption\":\"Integr\u00e1lis - Rede \u00c1lis\"},\"image\":{\"@id\":\"https:\\\/\\\/redealis.com.br\\\/integralis\\\/#\\\/schema\\\/logo\\\/image\\\/\"},\"sameAs\":[\"https:\\\/\\\/www.facebook.com\\\/integralisbrasil\",\"https:\\\/\\\/www.instagram.com\\\/integralisbrasil\"]}]}<\/script>\n<!-- \/ Yoast SEO plugin. -->","yoast_head_json":{"title":"June de Oliveira | Integr\u00e1lis","robots":{"index":"index","follow":"follow","max-snippet":"max-snippet:-1","max-image-preview":"max-image-preview:large","max-video-preview":"max-video-preview:-1"},"canonical":"https:\/\/redealis.com.br\/integralis\/equipe-medica\/june-de-oliveira\/","og_locale":"pt_BR","og_type":"article","og_title":"June de Oliveira | Integr\u00e1lis","og_description":"June Oliveira Carvalho Chagas \u00e9 uma profissional altamente qualificada e dedicada, com uma s\u00f3lida forma\u00e7\u00e3o acad\u00eamica e vasta experi\u00eancia na \u00e1rea da educa\u00e7\u00e3o e psicopedagogia. Graduada em Comunica\u00e7\u00e3o Social pela ESURP e em Pedagogia pela Universidade Norte do Paran\u00e1, June tamb\u00e9m \u00e9 p\u00f3s-graduada em Psicopedagogia Cl\u00ednica e Institucional pela Faculdade Metropolitana do Grande Recife e [&hellip;]","og_url":"https:\/\/redealis.com.br\/integralis\/equipe-medica\/june-de-oliveira\/","og_site_name":"Integr\u00e1lis","article_publisher":"https:\/\/www.facebook.com\/integralisbrasil","article_modified_time":"2024-05-08T20:59:11+00:00","og_image":[{"width":683,"height":1024,"url":"https:\/\/redealis.com.br\/integralis\/wp-content\/uploads\/sites\/3\/2023\/07\/JUNE-CHAGAS-683x1024.jpg","type":"image\/jpeg"}],"twitter_card":"summary_large_image","twitter_misc":{"Est. tempo de leitura":"2 minutos"},"schema":{"@context":"https:\/\/schema.org","@graph":[{"@type":"WebPage","@id":"https:\/\/redealis.com.br\/integralis\/equipe-medica\/june-de-oliveira\/","url":"https:\/\/redealis.com.br\/integralis\/equipe-medica\/june-de-oliveira\/","name":"June de Oliveira | Integr\u00e1lis","isPartOf":{"@id":"https:\/\/redealis.com.br\/integralis\/#website"},"primaryImageOfPage":{"@id":"https:\/\/redealis.com.br\/integralis\/equipe-medica\/june-de-oliveira\/#primaryimage"},"image":{"@id":"https:\/\/redealis.com.br\/integralis\/equipe-medica\/june-de-oliveira\/#primaryimage"},"thumbnailUrl":"https:\/\/redealis.com.br\/integralis\/wp-content\/uploads\/sites\/3\/2023\/07\/JUNE-CHAGAS.jpg","datePublished":"2023-06-19T19:29:44+00:00","dateModified":"2024-05-08T20:59:11+00:00","breadcrumb":{"@id":"https:\/\/redealis.com.br\/integralis\/equipe-medica\/june-de-oliveira\/#breadcrumb"},"inLanguage":"pt-BR","potentialAction":[{"@type":"ReadAction","target":["https:\/\/redealis.com.br\/integralis\/equipe-medica\/june-de-oliveira\/"]}]},{"@type":"ImageObject","inLanguage":"pt-BR","@id":"https:\/\/redealis.com.br\/integralis\/equipe-medica\/june-de-oliveira\/#primaryimage","url":"https:\/\/redealis.com.br\/integralis\/wp-content\/uploads\/sites\/3\/2023\/07\/JUNE-CHAGAS.jpg","contentUrl":"https:\/\/redealis.com.br\/integralis\/wp-content\/uploads\/sites\/3\/2023\/07\/JUNE-CHAGAS.jpg","width":1667,"height":2500},{"@type":"BreadcrumbList","@id":"https:\/\/redealis.com.br\/integralis\/equipe-medica\/june-de-oliveira\/#breadcrumb","itemListElement":[{"@type":"ListItem","position":1,"name":"home","item":"https:\/\/redealis.com.br\/integralis\/"},{"@type":"ListItem","position":2,"name":"Equipe M\u00e9dica","item":"https:\/\/redealis.com.br\/integralis\/equipe-medica\/"},{"@type":"ListItem","position":3,"name":"June de Oliveira"}]},{"@type":"WebSite","@id":"https:\/\/redealis.com.br\/integralis\/#website","url":"https:\/\/redealis.com.br\/integralis\/","name":"Integr\u00e1lis","description":"","publisher":{"@id":"https:\/\/redealis.com.br\/integralis\/#organization"},"alternateName":"Integr\u00e1lis","potentialAction":[{"@type":"SearchAction","target":{"@type":"EntryPoint","urlTemplate":"https:\/\/redealis.com.br\/integralis\/?s={search_term_string}"},"query-input":{"@type":"PropertyValueSpecification","valueRequired":true,"valueName":"search_term_string"}}],"inLanguage":"pt-BR"},{"@type":"Organization","@id":"https:\/\/redealis.com.br\/integralis\/#organization","name":"Integr\u00e1lis - Rede \u00c1lis","alternateName":"Integr\u00e1lis","url":"https:\/\/redealis.com.br\/integralis\/","logo":{"@type":"ImageObject","inLanguage":"pt-BR","@id":"https:\/\/redealis.com.br\/integralis\/#\/schema\/logo\/image\/","url":"https:\/\/redealis.com.br\/integralis\/wp-content\/uploads\/sites\/3\/2023\/08\/layout-logo-alt-1-1.png","contentUrl":"https:\/\/redealis.com.br\/integralis\/wp-content\/uploads\/sites\/3\/2023\/08\/layout-logo-alt-1-1.png","width":696,"height":696,"caption":"Integr\u00e1lis - Rede \u00c1lis"},"image":{"@id":"https:\/\/redealis.com.br\/integralis\/#\/schema\/logo\/image\/"},"sameAs":["https:\/\/www.facebook.com\/integralisbrasil","https:\/\/www.instagram.com\/integralisbrasil"]}]}},"_links":{"self":[{"href":"https:\/\/redealis.com.br\/integralis\/wp-json\/wp\/v2\/equipe-medica\/549","targetHints":{"allow":["GET"]}}],"collection":[{"href":"https:\/\/redealis.com.br\/integralis\/wp-json\/wp\/v2\/equipe-medica"}],"about":[{"href":"https:\/\/redealis.com.br\/integralis\/wp-json\/wp\/v2\/types\/equipe-medica"}],"wp:featuredmedia":[{"embeddable":true,"href":"https:\/\/redealis.com.br\/integralis\/wp-json\/wp\/v2\/media\/994"}],"wp:attachment":[{"href":"https:\/\/redealis.com.br\/integralis\/wp-json\/wp\/v2\/media?parent=549"}],"wp:term":[{"taxonomy":"categoria-medico","embeddable":true,"href":"https:\/\/redealis.com.br\/integralis\/wp-json\/wp\/v2\/categoria-medico?post=549"},{"taxonomy":"forma-de-tratamento","embeddable":true,"href":"https:\/\/redealis.com.br\/integralis\/wp-json\/wp\/v2\/forma-de-tratamento?post=549"}],"curies":[{"name":"wp","href":"https:\/\/api.w.org\/{rel}","templated":true}]}}