{"id":1046,"date":"2024-05-08T19:03:28","date_gmt":"2024-05-08T22:03:28","guid":{"rendered":"https:\/\/redealis.com.br\/integralis\/?post_type=equipe-medica&#038;p=1046"},"modified":"2024-09-05T11:09:34","modified_gmt":"2024-09-05T14:09:34","slug":"jackeline-bezerra","status":"publish","type":"equipe-medica","link":"https:\/\/redealis.com.br\/integralis\/equipe-medica\/jackeline-bezerra\/","title":{"rendered":"Jackeline Bezerra"},"content":{"rendered":"<div class=\"flex-1 overflow-hidden\">\n<div class=\"react-scroll-to-bottom--css-iepnf-79elbk h-full\">\n<div class=\"react-scroll-to-bottom--css-iepnf-1n7m0yu\">\n<div>\n<div class=\"flex flex-col text-sm pb-9\">\n<div class=\"w-full text-token-text-primary\" dir=\"auto\" data-testid=\"conversation-turn-57\" data-scroll-anchor=\"true\">\n<div class=\"py-2 px-3 text-base md:px-4 m-auto md:px-5 lg:px-1 xl:px-5\">\n<div class=\"mx-auto flex flex-1 gap-3 text-base juice:gap-4 juice:md:gap-6 md:max-w-3xl lg:max-w-[40rem] xl:max-w-[48rem]\">\n<div class=\"relative flex w-full min-w-0 flex-col agent-turn\">\n<div class=\"flex-col gap-1 md:gap-3\">\n<div class=\"flex flex-grow flex-col max-w-full\">\n<div class=\"min-h-[20px] text-message flex flex-col items-start whitespace-pre-wrap break-words [.text-message+&amp;]:mt-5 overflow-x-auto gap-3\" dir=\"auto\" data-message-author-role=\"assistant\" data-message-id=\"c4c8c6e8-1846-4d99-bebe-7f5fe5f510cf\">\n<div class=\"markdown prose w-full break-words dark:prose-invert light\">\n<p>Jackeline Bezerra, fonoaudi\u00f3loga, \u00e9 graduada na UNIS\u00c3OMIGUEL e est\u00e1 atualmente cursando p\u00f3s-gradua\u00e7\u00e3o em Linguagem no \u00e2mbito cl\u00ednico e educacional. Sua forma\u00e7\u00e3o inclui cursos introdut\u00f3rios em PROMPT, PECS, DHACA, Apraxia, Multigestos e Seletividade Alimentar. Com sua s\u00f3lida forma\u00e7\u00e3o e constante busca por conhecimento, Jackeline est\u00e1 preparada para oferecer um suporte abrangente e especializado em quest\u00f5es de linguagem e comunica\u00e7\u00e3o.<\/p>\n<\/div>\n<\/div>\n<\/div>\n<div class=\"mt-1 flex gap-3 empty:hidden juice:-ml-3\">\n<div class=\"-ml-1 mt-0 h-7 items-center justify-center gap-[2px] self-end text-gray-400 lg:justify-start lg:self-center visible flex\">\n<p>&nbsp;<\/p>\n<div class=\"flex\"><\/div>\n<\/div>\n<\/div>\n<div class=\"pr-2 lg:pr-0\"><\/div>\n<\/div>\n<div class=\"absolute\">\n<div class=\"flex w-full gap-2 items-center justify-center\"><\/div>\n<\/div>\n<\/div>\n<\/div>\n<\/div>\n<\/div>\n<\/div>\n<\/div>\n<\/div>\n<\/div>\n<\/div>\n<div class=\"w-full md:pt-0 dark:border-white\/20 md:border-transparent md:dark:border-transparent md:w-[calc(100%-.5rem)] juice:w-full\">\n<div class=\"px-3 text-base md:px-4 m-auto md:px-5 lg:px-1 xl:px-5\">\n<div class=\"mx-auto flex flex-1 gap-3 text-base juice:gap-4 juice:md:gap-6 md:max-w-3xl lg:max-w-[40rem] xl:max-w-[48rem]\">\n<div class=\"relative flex h-full max-w-full flex-1 flex-col\">\n<div class=\"absolute bottom-full left-0 right-0\"><\/div>\n<div class=\"flex w-full items-center\"><\/div>\n<\/div>\n<\/div>\n<\/div>\n<\/div>\n","protected":false},"excerpt":{"rendered":"<p>Jackeline Bezerra, fonoaudi\u00f3loga, \u00e9 graduada na UNIS\u00c3OMIGUEL e est\u00e1 atualmente cursando p\u00f3s-gradua\u00e7\u00e3o em Linguagem no \u00e2mbito cl\u00ednico e educacional. Sua forma\u00e7\u00e3o inclui cursos introdut\u00f3rios em PROMPT, PECS, DHACA, Apraxia, Multigestos e Seletividade Alimentar. Com sua s\u00f3lida forma\u00e7\u00e3o e constante busca por conhecimento, Jackeline est\u00e1 preparada para oferecer um suporte abrangente e especializado em quest\u00f5es de [&hellip;]<\/p>\n","protected":false},"featured_media":1237,"template":"","categoria-medico":[12],"forma-de-tratamento":[],"class_list":["post-1046","equipe-medica","type-equipe-medica","status-publish","has-post-thumbnail","hentry","categoria-medico-fonoaudiologa"],"acf":[],"yoast_head":"<!-- This site is optimized with the Yoast SEO plugin v27.3 - https:\/\/yoast.com\/product\/yoast-seo-wordpress\/ -->\n<title>Jackeline Bezerra | Integr\u00e1lis<\/title>\n<meta name=\"robots\" content=\"index, follow, max-snippet:-1, max-image-preview:large, max-video-preview:-1\" \/>\n<link rel=\"canonical\" href=\"https:\/\/redealis.com.br\/integralis\/equipe-medica\/jackeline-bezerra\/\" \/>\n<meta property=\"og:locale\" content=\"pt_BR\" \/>\n<meta property=\"og:type\" content=\"article\" \/>\n<meta property=\"og:title\" content=\"Jackeline Bezerra | Integr\u00e1lis\" \/>\n<meta property=\"og:description\" content=\"Jackeline Bezerra, fonoaudi\u00f3loga, \u00e9 graduada na UNIS\u00c3OMIGUEL e est\u00e1 atualmente cursando p\u00f3s-gradua\u00e7\u00e3o em Linguagem no \u00e2mbito cl\u00ednico e educacional. Sua forma\u00e7\u00e3o inclui cursos introdut\u00f3rios em PROMPT, PECS, DHACA, Apraxia, Multigestos e Seletividade Alimentar. Com sua s\u00f3lida forma\u00e7\u00e3o e constante busca por conhecimento, Jackeline est\u00e1 preparada para oferecer um suporte abrangente e especializado em quest\u00f5es de [&hellip;]\" \/>\n<meta property=\"og:url\" content=\"https:\/\/redealis.com.br\/integralis\/equipe-medica\/jackeline-bezerra\/\" \/>\n<meta property=\"og:site_name\" content=\"Integr\u00e1lis\" \/>\n<meta property=\"article:publisher\" content=\"https:\/\/www.facebook.com\/integralisbrasil\" \/>\n<meta property=\"article:modified_time\" content=\"2024-09-05T14:09:34+00:00\" \/>\n<meta property=\"og:image\" content=\"https:\/\/redealis.com.br\/integralis\/wp-content\/uploads\/sites\/3\/2024\/05\/JACKELINE-POLIANA.jpeg\" \/>\n\t<meta property=\"og:image:width\" content=\"1200\" \/>\n\t<meta property=\"og:image:height\" content=\"1600\" \/>\n\t<meta property=\"og:image:type\" content=\"image\/jpeg\" \/>\n<meta name=\"twitter:card\" content=\"summary_large_image\" \/>\n<meta name=\"twitter:label1\" content=\"Est. tempo de leitura\" \/>\n\t<meta name=\"twitter:data1\" content=\"1 minuto\" \/>\n<script type=\"application\/ld+json\" class=\"yoast-schema-graph\">{\"@context\":\"https:\\\/\\\/schema.org\",\"@graph\":[{\"@type\":\"WebPage\",\"@id\":\"https:\\\/\\\/redealis.com.br\\\/integralis\\\/equipe-medica\\\/jackeline-bezerra\\\/\",\"url\":\"https:\\\/\\\/redealis.com.br\\\/integralis\\\/equipe-medica\\\/jackeline-bezerra\\\/\",\"name\":\"Jackeline Bezerra | Integr\u00e1lis\",\"isPartOf\":{\"@id\":\"https:\\\/\\\/redealis.com.br\\\/integralis\\\/#website\"},\"primaryImageOfPage\":{\"@id\":\"https:\\\/\\\/redealis.com.br\\\/integralis\\\/equipe-medica\\\/jackeline-bezerra\\\/#primaryimage\"},\"image\":{\"@id\":\"https:\\\/\\\/redealis.com.br\\\/integralis\\\/equipe-medica\\\/jackeline-bezerra\\\/#primaryimage\"},\"thumbnailUrl\":\"https:\\\/\\\/redealis.com.br\\\/integralis\\\/wp-content\\\/uploads\\\/sites\\\/3\\\/2024\\\/05\\\/JACKELINE-POLIANA.jpeg\",\"datePublished\":\"2024-05-08T22:03:28+00:00\",\"dateModified\":\"2024-09-05T14:09:34+00:00\",\"breadcrumb\":{\"@id\":\"https:\\\/\\\/redealis.com.br\\\/integralis\\\/equipe-medica\\\/jackeline-bezerra\\\/#breadcrumb\"},\"inLanguage\":\"pt-BR\",\"potentialAction\":[{\"@type\":\"ReadAction\",\"target\":[\"https:\\\/\\\/redealis.com.br\\\/integralis\\\/equipe-medica\\\/jackeline-bezerra\\\/\"]}]},{\"@type\":\"ImageObject\",\"inLanguage\":\"pt-BR\",\"@id\":\"https:\\\/\\\/redealis.com.br\\\/integralis\\\/equipe-medica\\\/jackeline-bezerra\\\/#primaryimage\",\"url\":\"https:\\\/\\\/redealis.com.br\\\/integralis\\\/wp-content\\\/uploads\\\/sites\\\/3\\\/2024\\\/05\\\/JACKELINE-POLIANA.jpeg\",\"contentUrl\":\"https:\\\/\\\/redealis.com.br\\\/integralis\\\/wp-content\\\/uploads\\\/sites\\\/3\\\/2024\\\/05\\\/JACKELINE-POLIANA.jpeg\",\"width\":1200,\"height\":1600},{\"@type\":\"BreadcrumbList\",\"@id\":\"https:\\\/\\\/redealis.com.br\\\/integralis\\\/equipe-medica\\\/jackeline-bezerra\\\/#breadcrumb\",\"itemListElement\":[{\"@type\":\"ListItem\",\"position\":1,\"name\":\"home\",\"item\":\"https:\\\/\\\/redealis.com.br\\\/integralis\\\/\"},{\"@type\":\"ListItem\",\"position\":2,\"name\":\"Equipe M\u00e9dica\",\"item\":\"https:\\\/\\\/redealis.com.br\\\/integralis\\\/equipe-medica\\\/\"},{\"@type\":\"ListItem\",\"position\":3,\"name\":\"Jackeline Bezerra\"}]},{\"@type\":\"WebSite\",\"@id\":\"https:\\\/\\\/redealis.com.br\\\/integralis\\\/#website\",\"url\":\"https:\\\/\\\/redealis.com.br\\\/integralis\\\/\",\"name\":\"Integr\u00e1lis\",\"description\":\"\",\"publisher\":{\"@id\":\"https:\\\/\\\/redealis.com.br\\\/integralis\\\/#organization\"},\"alternateName\":\"Integr\u00e1lis\",\"potentialAction\":[{\"@type\":\"SearchAction\",\"target\":{\"@type\":\"EntryPoint\",\"urlTemplate\":\"https:\\\/\\\/redealis.com.br\\\/integralis\\\/?s={search_term_string}\"},\"query-input\":{\"@type\":\"PropertyValueSpecification\",\"valueRequired\":true,\"valueName\":\"search_term_string\"}}],\"inLanguage\":\"pt-BR\"},{\"@type\":\"Organization\",\"@id\":\"https:\\\/\\\/redealis.com.br\\\/integralis\\\/#organization\",\"name\":\"Integr\u00e1lis - Rede \u00c1lis\",\"alternateName\":\"Integr\u00e1lis\",\"url\":\"https:\\\/\\\/redealis.com.br\\\/integralis\\\/\",\"logo\":{\"@type\":\"ImageObject\",\"inLanguage\":\"pt-BR\",\"@id\":\"https:\\\/\\\/redealis.com.br\\\/integralis\\\/#\\\/schema\\\/logo\\\/image\\\/\",\"url\":\"https:\\\/\\\/redealis.com.br\\\/integralis\\\/wp-content\\\/uploads\\\/sites\\\/3\\\/2023\\\/08\\\/layout-logo-alt-1-1.png\",\"contentUrl\":\"https:\\\/\\\/redealis.com.br\\\/integralis\\\/wp-content\\\/uploads\\\/sites\\\/3\\\/2023\\\/08\\\/layout-logo-alt-1-1.png\",\"width\":696,\"height\":696,\"caption\":\"Integr\u00e1lis - Rede \u00c1lis\"},\"image\":{\"@id\":\"https:\\\/\\\/redealis.com.br\\\/integralis\\\/#\\\/schema\\\/logo\\\/image\\\/\"},\"sameAs\":[\"https:\\\/\\\/www.facebook.com\\\/integralisbrasil\",\"https:\\\/\\\/www.instagram.com\\\/integralisbrasil\"]}]}<\/script>\n<!-- \/ Yoast SEO plugin. -->","yoast_head_json":{"title":"Jackeline Bezerra | Integr\u00e1lis","robots":{"index":"index","follow":"follow","max-snippet":"max-snippet:-1","max-image-preview":"max-image-preview:large","max-video-preview":"max-video-preview:-1"},"canonical":"https:\/\/redealis.com.br\/integralis\/equipe-medica\/jackeline-bezerra\/","og_locale":"pt_BR","og_type":"article","og_title":"Jackeline Bezerra | Integr\u00e1lis","og_description":"Jackeline Bezerra, fonoaudi\u00f3loga, \u00e9 graduada na UNIS\u00c3OMIGUEL e est\u00e1 atualmente cursando p\u00f3s-gradua\u00e7\u00e3o em Linguagem no \u00e2mbito cl\u00ednico e educacional. Sua forma\u00e7\u00e3o inclui cursos introdut\u00f3rios em PROMPT, PECS, DHACA, Apraxia, Multigestos e Seletividade Alimentar. Com sua s\u00f3lida forma\u00e7\u00e3o e constante busca por conhecimento, Jackeline est\u00e1 preparada para oferecer um suporte abrangente e especializado em quest\u00f5es de [&hellip;]","og_url":"https:\/\/redealis.com.br\/integralis\/equipe-medica\/jackeline-bezerra\/","og_site_name":"Integr\u00e1lis","article_publisher":"https:\/\/www.facebook.com\/integralisbrasil","article_modified_time":"2024-09-05T14:09:34+00:00","og_image":[{"width":1200,"height":1600,"url":"https:\/\/redealis.com.br\/integralis\/wp-content\/uploads\/sites\/3\/2024\/05\/JACKELINE-POLIANA.jpeg","type":"image\/jpeg"}],"twitter_card":"summary_large_image","twitter_misc":{"Est. tempo de leitura":"1 minuto"},"schema":{"@context":"https:\/\/schema.org","@graph":[{"@type":"WebPage","@id":"https:\/\/redealis.com.br\/integralis\/equipe-medica\/jackeline-bezerra\/","url":"https:\/\/redealis.com.br\/integralis\/equipe-medica\/jackeline-bezerra\/","name":"Jackeline Bezerra | Integr\u00e1lis","isPartOf":{"@id":"https:\/\/redealis.com.br\/integralis\/#website"},"primaryImageOfPage":{"@id":"https:\/\/redealis.com.br\/integralis\/equipe-medica\/jackeline-bezerra\/#primaryimage"},"image":{"@id":"https:\/\/redealis.com.br\/integralis\/equipe-medica\/jackeline-bezerra\/#primaryimage"},"thumbnailUrl":"https:\/\/redealis.com.br\/integralis\/wp-content\/uploads\/sites\/3\/2024\/05\/JACKELINE-POLIANA.jpeg","datePublished":"2024-05-08T22:03:28+00:00","dateModified":"2024-09-05T14:09:34+00:00","breadcrumb":{"@id":"https:\/\/redealis.com.br\/integralis\/equipe-medica\/jackeline-bezerra\/#breadcrumb"},"inLanguage":"pt-BR","potentialAction":[{"@type":"ReadAction","target":["https:\/\/redealis.com.br\/integralis\/equipe-medica\/jackeline-bezerra\/"]}]},{"@type":"ImageObject","inLanguage":"pt-BR","@id":"https:\/\/redealis.com.br\/integralis\/equipe-medica\/jackeline-bezerra\/#primaryimage","url":"https:\/\/redealis.com.br\/integralis\/wp-content\/uploads\/sites\/3\/2024\/05\/JACKELINE-POLIANA.jpeg","contentUrl":"https:\/\/redealis.com.br\/integralis\/wp-content\/uploads\/sites\/3\/2024\/05\/JACKELINE-POLIANA.jpeg","width":1200,"height":1600},{"@type":"BreadcrumbList","@id":"https:\/\/redealis.com.br\/integralis\/equipe-medica\/jackeline-bezerra\/#breadcrumb","itemListElement":[{"@type":"ListItem","position":1,"name":"home","item":"https:\/\/redealis.com.br\/integralis\/"},{"@type":"ListItem","position":2,"name":"Equipe M\u00e9dica","item":"https:\/\/redealis.com.br\/integralis\/equipe-medica\/"},{"@type":"ListItem","position":3,"name":"Jackeline Bezerra"}]},{"@type":"WebSite","@id":"https:\/\/redealis.com.br\/integralis\/#website","url":"https:\/\/redealis.com.br\/integralis\/","name":"Integr\u00e1lis","description":"","publisher":{"@id":"https:\/\/redealis.com.br\/integralis\/#organization"},"alternateName":"Integr\u00e1lis","potentialAction":[{"@type":"SearchAction","target":{"@type":"EntryPoint","urlTemplate":"https:\/\/redealis.com.br\/integralis\/?s={search_term_string}"},"query-input":{"@type":"PropertyValueSpecification","valueRequired":true,"valueName":"search_term_string"}}],"inLanguage":"pt-BR"},{"@type":"Organization","@id":"https:\/\/redealis.com.br\/integralis\/#organization","name":"Integr\u00e1lis - Rede \u00c1lis","alternateName":"Integr\u00e1lis","url":"https:\/\/redealis.com.br\/integralis\/","logo":{"@type":"ImageObject","inLanguage":"pt-BR","@id":"https:\/\/redealis.com.br\/integralis\/#\/schema\/logo\/image\/","url":"https:\/\/redealis.com.br\/integralis\/wp-content\/uploads\/sites\/3\/2023\/08\/layout-logo-alt-1-1.png","contentUrl":"https:\/\/redealis.com.br\/integralis\/wp-content\/uploads\/sites\/3\/2023\/08\/layout-logo-alt-1-1.png","width":696,"height":696,"caption":"Integr\u00e1lis - Rede \u00c1lis"},"image":{"@id":"https:\/\/redealis.com.br\/integralis\/#\/schema\/logo\/image\/"},"sameAs":["https:\/\/www.facebook.com\/integralisbrasil","https:\/\/www.instagram.com\/integralisbrasil"]}]}},"_links":{"self":[{"href":"https:\/\/redealis.com.br\/integralis\/wp-json\/wp\/v2\/equipe-medica\/1046","targetHints":{"allow":["GET"]}}],"collection":[{"href":"https:\/\/redealis.com.br\/integralis\/wp-json\/wp\/v2\/equipe-medica"}],"about":[{"href":"https:\/\/redealis.com.br\/integralis\/wp-json\/wp\/v2\/types\/equipe-medica"}],"wp:featuredmedia":[{"embeddable":true,"href":"https:\/\/redealis.com.br\/integralis\/wp-json\/wp\/v2\/media\/1237"}],"wp:attachment":[{"href":"https:\/\/redealis.com.br\/integralis\/wp-json\/wp\/v2\/media?parent=1046"}],"wp:term":[{"taxonomy":"categoria-medico","embeddable":true,"href":"https:\/\/redealis.com.br\/integralis\/wp-json\/wp\/v2\/categoria-medico?post=1046"},{"taxonomy":"forma-de-tratamento","embeddable":true,"href":"https:\/\/redealis.com.br\/integralis\/wp-json\/wp\/v2\/forma-de-tratamento?post=1046"}],"curies":[{"name":"wp","href":"https:\/\/api.w.org\/{rel}","templated":true}]}}